
{"id":45438,"date":"2025-05-12T08:57:53","date_gmt":"2025-05-12T06:57:53","guid":{"rendered":"https:\/\/www.herbertnathan.com\/event\/round-table-samtal-om-larande-trender-och-teknik\/"},"modified":"2025-05-12T08:57:53","modified_gmt":"2025-05-12T06:57:53","slug":"round-table-samtal-om-larande-trender-och-teknik","status":"publish","type":"wp_cal_event","link":"https:\/\/www.herbertnathan.com\/sv\/event\/round-table-samtal-om-larande-trender-och-teknik\/","title":{"rendered":"Round table: &#8221;Samtal om l\u00e4rande &#8211; trender och teknik&#8221;"},"content":{"rendered":"<p><em>HerbertNathan &amp; Co leder ett rundabordssamtal med\u00a0 tv\u00e5 VD:ar, vars bolag levererar l\u00e4rplattformar och h\u00f6r deras syn p\u00e5 l\u00e4rande, trender och erfarenheter om hur man \u00e5stadkommer l\u00e4rande organisationer.<\/em><\/p>\n<hr \/>\n<h2 style=\"text-align: center;\"><span style=\"color: #e18b4b;\"><strong>MEDVERKANDE TALARE:<\/strong><\/span><\/h2>\n<h2 style=\"text-align: center;\">\u2022 Mattias Borg, VD f\u00f6r Learnifier<br \/>\n\u2022 Richard Kajson, VD f\u00f6r Grade<br \/>\n\u2022 Terhi Benjaminsson, Seniorkonsult p\u00e5 HerbertNathan &amp; Co<\/h2>\n<hr \/>\n<p>I detta rundabordssamtal f\u00e5r vi m\u00f6ta tv\u00e5 VD:ar, vars bolag levererar l\u00e4rplattformar p\u00e5 den svenska marknaden, f\u00f6r att h\u00f6ra deras syn p\u00e5 l\u00e4rande, trender och erfarenheter om hur man \u00e5stadkommer l\u00e4rande organisationer.<\/p>\n<p>Detta blir ett unikt tillf\u00e4lle att ta del Sveriges ledande l\u00e4rplattformsleverant\u00f6rernas erfarenhet av att st\u00f6tta olika verksamheter med deras l\u00e4rande. Det ges m\u00f6jlighet att ta del av en unik insyn till vad som \u00e4r l\u00e4rande idag i svenska organisationer.<\/p>\n<p>Gemensamt f\u00f6r de medverkande \u00e4r att de st\u00f6djer via sina bolag organisationer som har behov av att k\u00f6pa in l\u00e4rplattform\/ LMS och utveckla sitt l\u00e4rande inom sin organisation. De har kunnat fr\u00e5n f\u00f6rsta raden leda digitalisering av l\u00e4rande och att kunnat f\u00f6lja utvecklingen av l\u00e4randeorganisationer i Sverige. De \u00e4r \u00e4ven goda kollegor i branschen och har m\u00f6tts i olika upphandlingar och har d\u00e4rmed god kunskap om varandra som systemleverant\u00f6rer.<\/p>\n<p>Webinaret kan rekommenderas till alla som \u00f6nskar f\u00e5 b\u00e4ttre f\u00f6rst\u00e5else hur man \u00e5stadkommer l\u00e4rande organisationer eller funderar p\u00e5 att upphandla ett nytt l\u00e4rplattform eller LMS.<\/p>\n<p>Samtalet leds av <a href=\"https:\/\/www.herbertnathan.com\/sv\/author\/terhi-benjaminsson\/\" target=\"_blank\" rel=\"noopener\">Terhi Benjaminsson<\/a>, seniorkonsult hos HerbertNathan &amp; Co. Hon har \u00f6ver 15 \u00e5rs erfarenhet av att leda f\u00f6r\u00e4ndring och inf\u00f6randeprojekt, b\u00e5de i rollen som linjechef f\u00f6r utbildningsenheter och konsult. Certifierad f\u00f6r\u00e4ndringsledare (Prosci) med specialistkompetens inom Learning management, applikationer och plattformar f\u00f6r LMS samt metodik och modeller f\u00f6r l\u00e4rande. Bred erfarenhet av att utveckla processer, medarbetare och aff\u00e4rsverksamhet i syfte att digitalisera och inf\u00f6ra nya s\u00e4tt att arbeta med st\u00f6d av nya verksamhetssystem s\u00e5som ERP, HR samt LMS.<\/p>\n<p>Inspelningen \u00e4r fr\u00e5n november 2021.<\/p>\n<p>&nbsp;<\/p>\n<p><span style=\"color: #ffffff;\"><a class=\"button blue\" style=\"color: #ffffff;\" href=\"https:\/\/herbertnathan.webinargeek.com\/samtal-om-larande-trender-och-tekniker-on-demand\">Titta p\u00e5 webinaret<\/a><\/span><\/p>\n<p>&nbsp;<\/p>\n<h2><span style=\"color: #e18b4b;\"><b>Ta del av v\u00e5r kunskap och erfarenhet som systemoberoende r\u00e5dgivare:<\/b><\/span><\/h2>\n<p><em>HerbertNathan &amp; Co \u00e4r specialister p\u00e5 att st\u00f6tta organisationer vid digital transformation inklusive upphandling, byte och inf\u00f6rande av system. Under detta webinar kommer vi dela med oss av v\u00e5r kunskap om marknaden f\u00f6r Aff\u00e4rssystem och den omvandling som nu p\u00e5g\u00e5r p\u00e5 den Skandinaviska marknaden. Temat f\u00f6r den kommande rapporten \u00e4r \u201dEmerging Technologies\u201d och vilka effekter den p\u00e5g\u00e5ende digitaliseringen har p\u00e5 v\u00e5ra Aff\u00e4rssystem. Under seminariet kommer vi att presentera en \u00f6versikt av marknaden och de trender vi ser inom AI, med spr\u00e5ktolkning, Machine Learning, RPA och Prediktiv Analys och hur l\u00e5ngt systemleverant\u00f6rerna kommit p\u00e5 detta omr\u00e5de.<\/em><\/p>\n","protected":false},"excerpt":{"rendered":"<p>Titta p\u00e5 ett webinar i rundabordsformat d\u00e4r HerbertNathan &#038; Co samtalar med Grade och Learnifiers VD:ar, Richard Kajson och Mattias Borg, vars bolag levererar l\u00e4rplattformar. Vi f\u00e5r h\u00f6ra deras syn p\u00e5 l\u00e4rande, trender och erfarenheter om hur man \u00e5stadkommer l\u00e4rande organisationer.<\/p>\n","protected":false},"author":89,"featured_media":40063,"comment_status":"","ping_status":"closed","template":"","wp_cal_organizer":[],"wp_cal_location":[],"wp_cal_category":[],"class_list":["post-45438","wp_cal_event","type-wp_cal_event","status-publish","has-post-thumbnail","hentry"],"acf":[],"_links":{"self":[{"href":"https:\/\/www.herbertnathan.com\/sv\/wp-json\/wp\/v2\/wp_cal_event\/45438","targetHints":{"allow":["GET"]}}],"collection":[{"href":"https:\/\/www.herbertnathan.com\/sv\/wp-json\/wp\/v2\/wp_cal_event"}],"about":[{"href":"https:\/\/www.herbertnathan.com\/sv\/wp-json\/wp\/v2\/types\/wp_cal_event"}],"author":[{"embeddable":true,"href":"https:\/\/www.herbertnathan.com\/sv\/wp-json\/wp\/v2\/users\/89"}],"replies":[{"embeddable":true,"href":"https:\/\/www.herbertnathan.com\/sv\/wp-json\/wp\/v2\/comments?post=45438"}],"wp:featuredmedia":[{"embeddable":true,"href":"https:\/\/www.herbertnathan.com\/sv\/wp-json\/wp\/v2\/media\/40063"}],"wp:attachment":[{"href":"https:\/\/www.herbertnathan.com\/sv\/wp-json\/wp\/v2\/media?parent=45438"}],"wp:term":[{"taxonomy":"wp_cal_organizer","embeddable":true,"href":"https:\/\/www.herbertnathan.com\/sv\/wp-json\/wp\/v2\/wp_cal_organizer?post=45438"},{"taxonomy":"wp_cal_location","embeddable":true,"href":"https:\/\/www.herbertnathan.com\/sv\/wp-json\/wp\/v2\/wp_cal_location?post=45438"},{"taxonomy":"wp_cal_category","embeddable":true,"href":"https:\/\/www.herbertnathan.com\/sv\/wp-json\/wp\/v2\/wp_cal_category?post=45438"}],"curies":[{"name":"wp","href":"https:\/\/api.w.org\/{rel}","templated":true}]}}