
{"id":45442,"date":"2025-05-12T08:57:53","date_gmt":"2025-05-12T06:57:53","guid":{"rendered":"https:\/\/www.herbertnathan.com\/event\/framtidens-hr-avdelning-ar-digital-on-demand-webinar\/"},"modified":"2025-05-12T08:57:53","modified_gmt":"2025-05-12T06:57:53","slug":"framtidens-hr-avdelning-ar-digital-on-demand-webinar","status":"publish","type":"wp_cal_event","link":"https:\/\/www.herbertnathan.com\/sv\/event\/framtidens-hr-avdelning-ar-digital-on-demand-webinar\/","title":{"rendered":"Framtidens HR-avdelning \u00e4r Digital &#8211; On demand Webinar"},"content":{"rendered":"<p><em>HerbertNathan &amp; Co delar med sig av sina samlade kunskaper och erfarenheter kring k\u00e4nda framg\u00e5ngsfaktorer f\u00f6r att l\u00e5ngsiktigt lyckas med digitalisering inom HR-omr\u00e5det. \u00a0<\/em><\/p>\n<hr \/>\n<h2 style=\"text-align: center;\"><span style=\"color: #e18b4b;\"><strong>WEBINARETS INNEH\u00c5LL:<\/strong><\/span><\/h2>\n<h2 style=\"text-align: center;\">\u2022 Omv\u00e4rldsfaktorer som st\u00e4ller nya krav p\u00e5 HR<br \/>\n\u2022 Framtidens HR-organisation<br \/>\n\u2022 En l\u00e5ngsiktig digitaliseringsresa<br \/>\n\u2022 Framg\u00e5ngsfaktorer vid digitalisering<\/h2>\n<hr \/>\n<p>F\u00f6r\u00e4ndringstakten i v\u00e5ra organisationer och v\u00e5r omv\u00e4rld \u00e4r h\u00f6g och detta st\u00e4ller nya krav p\u00e5 v\u00e5ra HR-organisationer. Nya kompetenser, f\u00f6rh\u00e5llningss\u00e4tt och arbetss\u00e4tt kr\u00e4vs f\u00f6r att dels digitalisera den egna enheten och dels f\u00f6r att kunna st\u00f6dja verksamheten i dess utvecklings- och digitaliseringsresa.<\/p>\n<p>&nbsp;<\/p>\n<p>F\u00f6r att vara framg\u00e5ngsrika s\u00e5 arbetar framtidens HR-organisation aktivt med:<\/p>\n<ul>\n<li>Digitalisering \u2013 anv\u00e4ndning och f\u00f6rst\u00e5else f\u00f6r HR-data\/People analytics, utveckling och optimering av processer och tj\u00e4nster med st\u00f6d av digitala verktyg.<\/li>\n<li>Kompetens &#8211; strategisk kompetens- och organisationsplanering, kompetensf\u00f6rs\u00f6rjning och omskolning, intern r\u00f6rlighet och ledarskapsutveckling.<\/li>\n<li>Framtidens arbete \u2013 aktivt bidra till och driva utveckling inom organisationen i en st\u00e4ndigt f\u00f6r\u00e4nderlig v\u00e4rld.<\/li>\n<\/ul>\n<p>&nbsp;<\/p>\n<p>HR Tech \u00e4r en viktig m\u00f6jligg\u00f6rare f\u00f6r att lyckas flytta fram positionerna, men f\u00f6r att realisera nyttorna med sina investeringar kr\u00e4vs ett l\u00e5ngsiktigt och medvetet digitaliseringsarbete som g\u00e5r hand i hand med HR-avdelningens utvecklingsresa.<\/p>\n<p>M\u00e5nga l\u00e4rdomar \u00e4r dragna av de som var tidigt ute med att digitalisera HR och det finns nu tydliga framg\u00e5ngsfaktorer f\u00f6r en lyckad och v\u00e4rdeskapande digitaliseringsresa.<\/p>\n<p>Vi vill g\u00e4rna hj\u00e4lpa dig i din digitala transformationsresa s\u00e5 d\u00e4rf\u00f6r kommer du p\u00e5 detta webinar f\u00e5 ta del av HerbertNathan &amp; Co\u2019s samlade kunskaper och erfarenheter kring digitalisering inom HR-omr\u00e5det.<\/p>\n<p>&nbsp;<\/p>\n<p>Webinaret leds av <a href=\"https:\/\/www.herbertnathan.com\/sv\/author\/charlotte-birgander\/\" target=\"_blank\" rel=\"noopener\">Charlotte Birgander<\/a> p\u00e5 HerbertNathan &amp; Co, som bland annat innehaft roller s\u00e5 som chef f\u00f6r HR Shared Service center, HRIT manager, HR-chef, projektledare och hon har \u00e4ven flera \u00e5rs erfarenhet som chef p\u00e5 leverant\u00f6rssidan. Charlotte arbetar i uppdrag som r\u00f6r strategi, behovsanalys, upphandling och implementation av systemst\u00f6d inom HR\/L\u00f6n, och Outsourcing. Hon \u00e4r \u00e4ven r\u00e5dgivare och coach r\u00f6rande Digital HR transformation.<\/p>\n<p>&nbsp;<\/p>\n<p><span style=\"color: #ffffff;\"><a class=\"button blue\" style=\"color: #ffffff;\" href=\"https:\/\/herbertnathan.webinargeek.com\/framtidens-hr-avdelning-ar-digital\">Titta p\u00e5 webinaret<\/a><\/span><\/p>\n<p>&nbsp;<\/p>\n<h2><span style=\"color: #e18b4b;\"><b>Ta del av v\u00e5r kunskap och erfarenhet som systemoberoende r\u00e5dgivare:<\/b><\/span><\/h2>\n<p><em>HerbertNathan &amp; Co \u00e4r specialister p\u00e5 att st\u00f6tta organisationer vid upphandling <\/em><em>och byte av system. Under detta webinar kommer vi b\u00e5de dela med oss av v\u00e5ra erfarenheter kring dels vad ni ska g\u00f6ra f\u00f6r att p\u00e5 ett framg\u00e5ngsrikt s\u00e4tt realisera nyttorna med era investeringar inom HR Tech och inspirera er kring framg\u00e5ngsfaktorer vid digitalisering inom HR-omr\u00e5det.<\/em><\/p>\n","protected":false},"excerpt":{"rendered":"<p>Ett webinar fr\u00e5n HerbertNathan &#038; Co som inneh\u00e5ller v\u00e5ra samlade kunskaper och erfarenheter kring k\u00e4nda framg\u00e5ngsfaktorer f\u00f6r att l\u00e5ngsiktigt lyckas med digitalisering inom HR-omr\u00e5det. \u00a0<\/p>\n","protected":false},"author":44,"featured_media":39944,"comment_status":"","ping_status":"closed","template":"","wp_cal_organizer":[],"wp_cal_location":[],"wp_cal_category":[],"class_list":["post-45442","wp_cal_event","type-wp_cal_event","status-publish","has-post-thumbnail","hentry"],"acf":[],"_links":{"self":[{"href":"https:\/\/www.herbertnathan.com\/sv\/wp-json\/wp\/v2\/wp_cal_event\/45442","targetHints":{"allow":["GET"]}}],"collection":[{"href":"https:\/\/www.herbertnathan.com\/sv\/wp-json\/wp\/v2\/wp_cal_event"}],"about":[{"href":"https:\/\/www.herbertnathan.com\/sv\/wp-json\/wp\/v2\/types\/wp_cal_event"}],"author":[{"embeddable":true,"href":"https:\/\/www.herbertnathan.com\/sv\/wp-json\/wp\/v2\/users\/44"}],"replies":[{"embeddable":true,"href":"https:\/\/www.herbertnathan.com\/sv\/wp-json\/wp\/v2\/comments?post=45442"}],"wp:featuredmedia":[{"embeddable":true,"href":"https:\/\/www.herbertnathan.com\/sv\/wp-json\/wp\/v2\/media\/39944"}],"wp:attachment":[{"href":"https:\/\/www.herbertnathan.com\/sv\/wp-json\/wp\/v2\/media?parent=45442"}],"wp:term":[{"taxonomy":"wp_cal_organizer","embeddable":true,"href":"https:\/\/www.herbertnathan.com\/sv\/wp-json\/wp\/v2\/wp_cal_organizer?post=45442"},{"taxonomy":"wp_cal_location","embeddable":true,"href":"https:\/\/www.herbertnathan.com\/sv\/wp-json\/wp\/v2\/wp_cal_location?post=45442"},{"taxonomy":"wp_cal_category","embeddable":true,"href":"https:\/\/www.herbertnathan.com\/sv\/wp-json\/wp\/v2\/wp_cal_category?post=45442"}],"curies":[{"name":"wp","href":"https:\/\/api.w.org\/{rel}","templated":true}]}}